{"id":5,"date":"2021-02-18T18:53:12","date_gmt":"2021-02-18T21:53:12","guid":{"rendered":"http:\/\/popplus.com.br\/_vitrine\/?page_id=5"},"modified":"2021-04-05T20:00:51","modified_gmt":"2021-04-05T23:00:51","slug":"home","status":"publish","type":"page","link":"https:\/\/popplus.com.br\/vitrine\/","title":{"rendered":"Home"},"content":{"rendered":"<p>O <strong>Pop Plus<\/strong> de se orgulha de ser um dos respons\u00e1veis por fomentar o que h\u00e1 de autoral e moderno na moda plus size nacional. Lan\u00e7amos agora a <strong>Vitrine Pop Plus,<\/strong> plataforma que agrega marcas de nossa rede e novos designers.<\/p>\n<p>\u00c9 hora, mais do que nunca, de valorizar as grifes que sempre pensaram em nosso p\u00fablico. Se voc\u00ea \u00e9 cliente e quer comprar moda plus size, pense primeiro em marcas de produ\u00e7\u00e3o local comandadas por pequenos empreendedores.<\/p>\n<p>Quer participar da sele\u00e7\u00e3o de nossa curadoria? <strong><a href=\"http:\/\/popplus.com.br\/comoparticipar\" target=\"_blank\" rel=\"noopener\">Preencha o formul\u00e1rio aqui<\/a>.\u00a0<\/strong>Conhe\u00e7a as marcas da <strong>Vitrine Pop Plus<\/strong>!<\/p>\n","protected":false},"excerpt":{"rendered":"<p>O Pop Plus de se orgulha de ser um dos respons\u00e1veis por fomentar o que h\u00e1 de autoral e moderno na moda plus size nacional. Lan\u00e7amos agora a Vitrine Pop Plus, plataforma que agrega marcas de nossa rede e novos designers. \u00c9 hora, mais do que nunca, de valorizar as grifes que sempre pensaram em [&hellip;]<\/p>\n","protected":false},"author":1,"featured_media":0,"parent":0,"menu_order":0,"comment_status":"closed","ping_status":"closed","template":"","meta":{"footnotes":""},"class_list":["post-5","page","type-page","status-publish","hentry"],"yoast_head":"<!-- This site is optimized with the Yoast SEO plugin v16.0.2 - https:\/\/yoast.com\/wordpress\/plugins\/seo\/ -->\n<meta name=\"description\" content=\"\u00c9 hora, mais do que nunca, de valorizar as grifes que sempre pensaram em nosso p\u00fablico. Se voc\u00ea \u00e9 cliente e quer comprar moda plus size, pense primeiro em marcas de produ\u00e7\u00e3o local comandadas por pequenos empreendedores.\" \/>\n<link rel=\"canonical\" href=\"https:\/\/popplus.com.br\/vitrine\/\" \/>\n<meta property=\"og:locale\" content=\"pt_BR\" \/>\n<meta property=\"og:type\" content=\"article\" \/>\n<meta property=\"og:title\" content=\"Home - Vitrine Pop Plus\" \/>\n<meta property=\"og:description\" content=\"\u00c9 hora, mais do que nunca, de valorizar as grifes que sempre pensaram em nosso p\u00fablico. Se voc\u00ea \u00e9 cliente e quer comprar moda plus size, pense primeiro em marcas de produ\u00e7\u00e3o local comandadas por pequenos empreendedores.\" \/>\n<meta property=\"og:url\" content=\"https:\/\/popplus.com.br\/vitrine\/\" \/>\n<meta property=\"og:site_name\" content=\"Vitrine Pop Plus\" \/>\n<meta property=\"article:modified_time\" content=\"2021-04-05T23:00:51+00:00\" \/>\n<meta property=\"og:image\" content=\"https:\/\/popplus.com.br\/vitrine\/wp-content\/uploads\/2021\/04\/cropped-festival-popplus-favicon-2-270x270-1.png\" \/>\n\t<meta property=\"og:image:width\" content=\"270\" \/>\n\t<meta property=\"og:image:height\" content=\"270\" \/>\n<meta name=\"twitter:card\" content=\"summary_large_image\" \/>\n<meta name=\"twitter:label1\" content=\"Est. tempo de leitura\">\n\t<meta name=\"twitter:data1\" content=\"1 minuto\">\n<script type=\"application\/ld+json\" class=\"yoast-schema-graph\">{\"@context\":\"https:\/\/schema.org\",\"@graph\":[{\"@type\":\"WebSite\",\"@id\":\"https:\/\/popplus.com.br\/vitrine\/#website\",\"url\":\"https:\/\/popplus.com.br\/vitrine\/\",\"name\":\"Vitrine Pop Plus\",\"description\":\"\",\"potentialAction\":[{\"@type\":\"SearchAction\",\"target\":\"https:\/\/popplus.com.br\/vitrine\/?s={search_term_string}\",\"query-input\":\"required name=search_term_string\"}],\"inLanguage\":\"pt-BR\"},{\"@type\":\"WebPage\",\"@id\":\"https:\/\/popplus.com.br\/vitrine\/#webpage\",\"url\":\"https:\/\/popplus.com.br\/vitrine\/\",\"name\":\"Home - Vitrine Pop Plus\",\"isPartOf\":{\"@id\":\"https:\/\/popplus.com.br\/vitrine\/#website\"},\"datePublished\":\"2021-02-18T21:53:12+00:00\",\"dateModified\":\"2021-04-05T23:00:51+00:00\",\"description\":\"\\u00c9 hora, mais do que nunca, de valorizar as grifes que sempre pensaram em nosso p\\u00fablico. Se voc\\u00ea \\u00e9 cliente e quer comprar moda plus size, pense primeiro em marcas de produ\\u00e7\\u00e3o local comandadas por pequenos empreendedores.\",\"breadcrumb\":{\"@id\":\"https:\/\/popplus.com.br\/vitrine\/#breadcrumb\"},\"inLanguage\":\"pt-BR\",\"potentialAction\":[{\"@type\":\"ReadAction\",\"target\":[\"https:\/\/popplus.com.br\/vitrine\/\"]}]},{\"@type\":\"BreadcrumbList\",\"@id\":\"https:\/\/popplus.com.br\/vitrine\/#breadcrumb\",\"itemListElement\":[{\"@type\":\"ListItem\",\"position\":1,\"item\":{\"@type\":\"WebPage\",\"@id\":\"https:\/\/popplus.com.br\/vitrine\/\",\"url\":\"https:\/\/popplus.com.br\/vitrine\/\",\"name\":\"In\\u00edcio\"}},{\"@type\":\"ListItem\",\"position\":2,\"item\":{\"@type\":\"WebPage\",\"@id\":\"https:\/\/popplus.com.br\/vitrine\/\",\"url\":\"https:\/\/popplus.com.br\/vitrine\/\",\"name\":\"Home\"}}]}]}<\/script>\n<!-- \/ Yoast SEO plugin. -->","_links":{"self":[{"href":"https:\/\/popplus.com.br\/vitrine\/wp-json\/wp\/v2\/pages\/5","targetHints":{"allow":["GET"]}}],"collection":[{"href":"https:\/\/popplus.com.br\/vitrine\/wp-json\/wp\/v2\/pages"}],"about":[{"href":"https:\/\/popplus.com.br\/vitrine\/wp-json\/wp\/v2\/types\/page"}],"author":[{"embeddable":true,"href":"https:\/\/popplus.com.br\/vitrine\/wp-json\/wp\/v2\/users\/1"}],"replies":[{"embeddable":true,"href":"https:\/\/popplus.com.br\/vitrine\/wp-json\/wp\/v2\/comments?post=5"}],"version-history":[{"count":12,"href":"https:\/\/popplus.com.br\/vitrine\/wp-json\/wp\/v2\/pages\/5\/revisions"}],"predecessor-version":[{"id":209,"href":"https:\/\/popplus.com.br\/vitrine\/wp-json\/wp\/v2\/pages\/5\/revisions\/209"}],"wp:attachment":[{"href":"https:\/\/popplus.com.br\/vitrine\/wp-json\/wp\/v2\/media?parent=5"}],"curies":[{"name":"wp","href":"https:\/\/api.w.org\/{rel}","templated":true}]}}