{"id":241,"date":"2021-03-29T19:27:32","date_gmt":"2021-03-29T22:27:32","guid":{"rendered":"https:\/\/popplus.com.br\/festival2021\/?post_type=programacao&#038;p=241"},"modified":"2021-04-04T21:39:23","modified_gmt":"2021-04-05T00:39:23","slug":"debate-o-futuro-da-moda","status":"publish","type":"programacao","link":"https:\/\/popplus.com.br\/festival2021\/programacao\/debate-o-futuro-da-moda\/","title":{"rendered":"Debate &#8211; O futuro da moda"},"content":{"rendered":"<p><strong>Participantes<\/strong>: Sky Lindemann; Salom\u00e9 Abdala e La Robertita<br \/>\n<strong>Media\u00e7\u00e3o<\/strong>: Heloisa Rocha<\/p>\n<h2>Heloisa Rocha<\/h2>\n<p><img loading=\"lazy\" decoding=\"async\" class=\"alignleft size-medium wp-image-325\" src=\"https:\/\/popplus.com.br\/festival2021\/wp-content\/uploads\/2021\/03\/Heloisa-Rocha_Foto-Julia-Rodrigues-233x300.png\" alt=\"\" width=\"233\" height=\"300\" srcset=\"https:\/\/popplus.com.br\/festival2021\/wp-content\/uploads\/2021\/03\/Heloisa-Rocha_Foto-Julia-Rodrigues-233x300.png 233w, https:\/\/popplus.com.br\/festival2021\/wp-content\/uploads\/2021\/03\/Heloisa-Rocha_Foto-Julia-Rodrigues-796x1024.png 796w, https:\/\/popplus.com.br\/festival2021\/wp-content\/uploads\/2021\/03\/Heloisa-Rocha_Foto-Julia-Rodrigues-768x988.png 768w, https:\/\/popplus.com.br\/festival2021\/wp-content\/uploads\/2021\/03\/Heloisa-Rocha_Foto-Julia-Rodrigues.png 800w\" sizes=\"auto, (max-width: 233px) 100vw, 233px\" \/>Graduada em Jornalismo e p\u00f3s-graduada em Comunica\u00e7\u00e3o Jornal\u00edstica, Heloisa Rocha \u00e9 a redatora respons\u00e1vel pelo site e pelas redes sociais da R\u00e1dio Gazeta Online, antiga R\u00e1dio Gazeta AM e atualmente dirigida pela Faculdade C\u00e1sper L\u00edbero. Pela emissora, ele coordenou todas as<br \/>\nprodu\u00e7\u00f5es de moda e cobriu algumas edi\u00e7\u00f5es do S\u00e3o Paulo Fashion Week. Em outubro de 2015, a jornalista lan\u00e7ou o Moda Em Rodas, projeto que trabalha em prol da moda inclusiva, do resgate da autoestima feminina, especialmente da mulher com defici\u00eancia, e um novo olhar da pessoa com defici\u00eancia nos ve\u00edculos de comunica\u00e7\u00e3o. Em fevereiro de 2020, o Moda Em Rodas lan\u00e7ou o seu podcast hom\u00f4nimo sobre moda inclusiva e que est\u00e1 dispon\u00edvel no Spotify, no iTunes e no YouTube.<br \/>\nRadicada em S\u00e3o Paulo desde 2009, a jornalista de 36 anos \u00e9 natural de Aracaju (SE) e nasceu com osteog\u00eanese imperfeita, doen\u00e7a rara que tem como principal caracter\u00edstica a fragilidade \u00f3ssea.<br \/>\n<a href=\"https:\/\/www.instagram.com\/heloisa_rocha\/\">https:\/\/www.instagram.com\/heloisa_rocha\/<\/a><br \/>\n<a href=\"https:\/\/linktr.ee\/modaemrodas\">https:\/\/linktr.ee\/modaemrodas<\/a><\/p>\n<h2><\/h2>\n<h2><\/h2>\n<h2><\/h2>\n<h2>Juliana \u201cSky\u201d Lindemann<\/h2>\n<p><img loading=\"lazy\" decoding=\"async\" class=\"alignleft size-medium wp-image-326\" src=\"https:\/\/popplus.com.br\/festival2021\/wp-content\/uploads\/2021\/03\/Sky-2-225x300.png\" alt=\"\" width=\"225\" height=\"300\" srcset=\"https:\/\/popplus.com.br\/festival2021\/wp-content\/uploads\/2021\/03\/Sky-2-225x300.png 225w, https:\/\/popplus.com.br\/festival2021\/wp-content\/uploads\/2021\/03\/Sky-2.png 600w\" sizes=\"auto, (max-width: 225px) 100vw, 225px\" \/>Sky \u00e9 estilista, modelista e costureira al\u00e9m de CEO da marca Lollaboo. Ela acredita na moda sustent\u00e1vel e acess\u00edvel, usando esses preceitos para gerir a marca que criou.<br \/>\n<a href=\"https:\/\/www.instagram.com\/ixxxkay\/\">https:\/\/www.instagram.com\/ixxxkay\/<\/a><br \/>\n<a href=\"https:\/\/www.instagram.com\/lojalollaboo\/\">https:\/\/www.instagram.com\/lojalollaboo\/<\/a><\/p>\n<h2><\/h2>\n<h2><\/h2>\n<h2><\/h2>\n<h2><\/h2>\n<h2><\/h2>\n<p>&nbsp;<\/p>\n<p>&nbsp;<\/p>\n<p>&nbsp;<\/p>\n<p>&nbsp;<\/p>\n<h2>Salom\u00e9 Abdala<\/h2>\n<p><img loading=\"lazy\" decoding=\"async\" class=\"alignleft size-medium wp-image-327\" src=\"https:\/\/popplus.com.br\/festival2021\/wp-content\/uploads\/2021\/03\/Salome-Abdala1-300x300.png\" alt=\"\" width=\"300\" height=\"300\" srcset=\"https:\/\/popplus.com.br\/festival2021\/wp-content\/uploads\/2021\/03\/Salome-Abdala1-300x300.png 300w, https:\/\/popplus.com.br\/festival2021\/wp-content\/uploads\/2021\/03\/Salome-Abdala1-150x150.png 150w, https:\/\/popplus.com.br\/festival2021\/wp-content\/uploads\/2021\/03\/Salome-Abdala1-768x768.png 768w, https:\/\/popplus.com.br\/festival2021\/wp-content\/uploads\/2021\/03\/Salome-Abdala1.png 800w\" sizes=\"auto, (max-width: 300px) 100vw, 300px\" \/>Artista C\u00eanica e Designer de Figurino, com forma\u00e7\u00e3o t\u00e9cnica em dan\u00e7a e teatro, e graduada em Design de Moda pela Universidade Federal de Goi\u00e1s no ano de 2011. Criadora e produtora profissional de figurinos c\u00eanicos, especialmente nas \u00e1reas de teatro e dan\u00e7a, desde 2005, quando<br \/>\niniciou seus trabalhos junto \u00e0 Cia Sala 3 de teatro, em Goi\u00e2nia \u2013 GO, com quem manteve parceria por seis anos. Foi atriz e Palha\u00e7a no Circo M\u00e1gico Bolshoi, e atriz nas companhias Cia Arte em Cena e Cia Abaporu. Foi criadora de figurinos para o Centro de Estudo e Pesquisa Ciranda da<br \/>\nArte por dois anos, al\u00e9m de outros trabalhos realizados com companhias independentes. No ano de 2011, participou do ateli\u00ea coletivo Balaio de Gato, onde produziu figurinos, fantasias, adere\u00e7os, ilustra\u00e7\u00f5es e artigos de moda. Ministrou oficinas na Univerisad de Palermo, em Buenos Aires, e na Universidade Federal de Goi\u00e2nia. Em 2012, fundou seu pr\u00f3prio atelier, onde se dedicou \u00e0 produ\u00e7\u00e3o de roupas exclusivas, Figurinos e ensino de corte e costura. Em 2016 se mudou para S\u00e3o Paulo onde produziu figurinos para o grupo de dan\u00e7a de Diadema e trabalhou como<br \/>\nassistente de produ\u00e7\u00e3o de figurino para o festival de \u00f3pera de Manaus e Teatro Municipal, entre outros.<br \/>\n<a href=\"https:\/\/www.instagram.com\/salome_abdala\/\">https:\/\/www.instagram.com\/salome_abdala\/<\/a><\/p>\n<h2><\/h2>\n<h2><\/h2>\n<h2>La Robertita<\/h2>\n<p><img loading=\"lazy\" decoding=\"async\" class=\"alignleft size-medium wp-image-328\" src=\"https:\/\/popplus.com.br\/festival2021\/wp-content\/uploads\/2021\/03\/La-Robertita-200x300.png\" alt=\"\" width=\"200\" height=\"300\" srcset=\"https:\/\/popplus.com.br\/festival2021\/wp-content\/uploads\/2021\/03\/La-Robertita-200x300.png 200w, https:\/\/popplus.com.br\/festival2021\/wp-content\/uploads\/2021\/03\/La-Robertita-682x1024.png 682w, https:\/\/popplus.com.br\/festival2021\/wp-content\/uploads\/2021\/03\/La-Robertita-768x1154.png 768w, https:\/\/popplus.com.br\/festival2021\/wp-content\/uploads\/2021\/03\/La-Robertita.png 800w\" sizes=\"auto, (max-width: 200px) 100vw, 200px\" \/>Lais Roberta, modelo, marketeira, professora e Historiadora. Acredita na democratiza\u00e7\u00e3o do conhecimento, dos acessos e fomenta o questionamento das estruturas da moda no mundo.<br \/>\nAtualmente, como criadora de conte\u00fado, apresenta uma est\u00e9tica minimalista, de eleg\u00e2ncia e sofistica\u00e7\u00e3o que at\u00e9 ent\u00e3o n\u00e3o se encontra representa\u00e7\u00e3o e pluralidade para com a mulher negra e gorda. Atuante no segmento Plus Size desde 2016 analisa os avan\u00e7os e as necessidades do<br \/>\nmercado para contemplar os corpos e suas exig\u00eancias.<br \/>\nhttps:\/\/www.instagram.com\/larobertita\/<\/p>\n<p>&nbsp;<\/p>\n<p>&nbsp;<\/p>\n","protected":false},"excerpt":{"rendered":"<p>Participantes: Sky Lindemann; Salom\u00e9 Abdala e La Robertita Media\u00e7\u00e3o: Heloisa Rocha Heloisa Rocha Graduada em Jornalismo e p\u00f3s-graduada em Comunica\u00e7\u00e3o Jornal\u00edstica, Heloisa Rocha \u00e9 a redatora respons\u00e1vel pelo site e pelas redes sociais da R\u00e1dio Gazeta Online, antiga R\u00e1dio Gazeta AM e atualmente dirigida pela Faculdade C\u00e1sper L\u00edbero. Pela emissora, ele coordenou todas as produ\u00e7\u00f5es [&hellip;]<\/p>\n","protected":false},"featured_media":309,"template":"","categories":[3],"class_list":["post-241","programacao","type-programacao","status-publish","has-post-thumbnail","hentry","category-debates"],"yoast_head":"<!-- This site is optimized with the Yoast SEO plugin v16.0.2 - https:\/\/yoast.com\/wordpress\/plugins\/seo\/ -->\n<link rel=\"canonical\" href=\"https:\/\/popplus.com.br\/festival2021\/programacao\/debate-o-futuro-da-moda\/\" \/>\n<meta property=\"og:locale\" content=\"pt_BR\" \/>\n<meta property=\"og:type\" content=\"article\" \/>\n<meta property=\"og:title\" content=\"Debate - O futuro da moda - Festival PopPlus Em Casa 2021\" \/>\n<meta property=\"og:description\" content=\"Participantes: Sky Lindemann; Salom\u00e9 Abdala e La Robertita Media\u00e7\u00e3o: Heloisa Rocha Heloisa Rocha Graduada em Jornalismo e p\u00f3s-graduada em Comunica\u00e7\u00e3o Jornal\u00edstica, Heloisa Rocha \u00e9 a redatora respons\u00e1vel pelo site e pelas redes sociais da R\u00e1dio Gazeta Online, antiga R\u00e1dio Gazeta AM e atualmente dirigida pela Faculdade C\u00e1sper L\u00edbero. Pela emissora, ele coordenou todas as produ\u00e7\u00f5es [&hellip;]\" \/>\n<meta property=\"og:url\" content=\"https:\/\/popplus.com.br\/festival2021\/programacao\/debate-o-futuro-da-moda\/\" \/>\n<meta property=\"og:site_name\" content=\"Festival PopPlus Em Casa 2021\" \/>\n<meta property=\"article:modified_time\" content=\"2021-04-05T00:39:23+00:00\" \/>\n<meta property=\"og:image\" content=\"https:\/\/popplus.com.br\/festival2021\/wp-content\/uploads\/2021\/03\/POP_FES_carrossel-debate-03.jpg\" \/>\n\t<meta property=\"og:image:width\" content=\"1080\" \/>\n\t<meta property=\"og:image:height\" content=\"1080\" \/>\n<meta name=\"twitter:card\" content=\"summary_large_image\" \/>\n<meta name=\"twitter:label1\" content=\"Est. tempo de leitura\">\n\t<meta name=\"twitter:data1\" content=\"3 minutos\">\n<script type=\"application\/ld+json\" class=\"yoast-schema-graph\">{\"@context\":\"https:\/\/schema.org\",\"@graph\":[{\"@type\":\"WebSite\",\"@id\":\"https:\/\/popplus.com.br\/festival2021\/#website\",\"url\":\"https:\/\/popplus.com.br\/festival2021\/\",\"name\":\"Festival PopPlus Em Casa 2021\",\"description\":\"\",\"potentialAction\":[{\"@type\":\"SearchAction\",\"target\":\"https:\/\/popplus.com.br\/festival2021\/?s={search_term_string}\",\"query-input\":\"required name=search_term_string\"}],\"inLanguage\":\"pt-BR\"},{\"@type\":\"ImageObject\",\"@id\":\"https:\/\/popplus.com.br\/festival2021\/programacao\/debate-o-futuro-da-moda\/#primaryimage\",\"inLanguage\":\"pt-BR\",\"url\":\"https:\/\/popplus.com.br\/festival2021\/wp-content\/uploads\/2021\/03\/POP_FES_carrossel-debate-03.jpg\",\"width\":1080,\"height\":1080},{\"@type\":\"WebPage\",\"@id\":\"https:\/\/popplus.com.br\/festival2021\/programacao\/debate-o-futuro-da-moda\/#webpage\",\"url\":\"https:\/\/popplus.com.br\/festival2021\/programacao\/debate-o-futuro-da-moda\/\",\"name\":\"Debate - O futuro da moda - Festival PopPlus Em Casa 2021\",\"isPartOf\":{\"@id\":\"https:\/\/popplus.com.br\/festival2021\/#website\"},\"primaryImageOfPage\":{\"@id\":\"https:\/\/popplus.com.br\/festival2021\/programacao\/debate-o-futuro-da-moda\/#primaryimage\"},\"datePublished\":\"2021-03-29T22:27:32+00:00\",\"dateModified\":\"2021-04-05T00:39:23+00:00\",\"breadcrumb\":{\"@id\":\"https:\/\/popplus.com.br\/festival2021\/programacao\/debate-o-futuro-da-moda\/#breadcrumb\"},\"inLanguage\":\"pt-BR\",\"potentialAction\":[{\"@type\":\"ReadAction\",\"target\":[\"https:\/\/popplus.com.br\/festival2021\/programacao\/debate-o-futuro-da-moda\/\"]}]},{\"@type\":\"BreadcrumbList\",\"@id\":\"https:\/\/popplus.com.br\/festival2021\/programacao\/debate-o-futuro-da-moda\/#breadcrumb\",\"itemListElement\":[{\"@type\":\"ListItem\",\"position\":1,\"item\":{\"@type\":\"WebPage\",\"@id\":\"https:\/\/popplus.com.br\/festival2021\/\",\"url\":\"https:\/\/popplus.com.br\/festival2021\/\",\"name\":\"In\\u00edcio\"}},{\"@type\":\"ListItem\",\"position\":2,\"item\":{\"@type\":\"WebPage\",\"@id\":\"https:\/\/popplus.com.br\/festival2021\/programacao\/debate-o-futuro-da-moda\/\",\"url\":\"https:\/\/popplus.com.br\/festival2021\/programacao\/debate-o-futuro-da-moda\/\",\"name\":\"Debate &#8211; O futuro da moda\"}}]}]}<\/script>\n<!-- \/ Yoast SEO plugin. -->","_links":{"self":[{"href":"https:\/\/popplus.com.br\/festival2021\/wp-json\/wp\/v2\/programacao\/241","targetHints":{"allow":["GET"]}}],"collection":[{"href":"https:\/\/popplus.com.br\/festival2021\/wp-json\/wp\/v2\/programacao"}],"about":[{"href":"https:\/\/popplus.com.br\/festival2021\/wp-json\/wp\/v2\/types\/programacao"}],"wp:featuredmedia":[{"embeddable":true,"href":"https:\/\/popplus.com.br\/festival2021\/wp-json\/wp\/v2\/media\/309"}],"wp:attachment":[{"href":"https:\/\/popplus.com.br\/festival2021\/wp-json\/wp\/v2\/media?parent=241"}],"wp:term":[{"taxonomy":"category","embeddable":true,"href":"https:\/\/popplus.com.br\/festival2021\/wp-json\/wp\/v2\/categories?post=241"}],"curies":[{"name":"wp","href":"https:\/\/api.w.org\/{rel}","templated":true}]}}