{"id":240,"date":"2021-03-29T19:26:49","date_gmt":"2021-03-29T22:26:49","guid":{"rendered":"https:\/\/popplus.com.br\/festival2021\/?post_type=programacao&#038;p=240"},"modified":"2021-04-04T18:04:18","modified_gmt":"2021-04-04T21:04:18","slug":"apresentacao-thais-maia","status":"publish","type":"programacao","link":"https:\/\/popplus.com.br\/festival2021\/programacao\/apresentacao-thais-maia\/","title":{"rendered":"FLAMENCO &#8211; Tha\u00eds Maya"},"content":{"rendered":"<p>Produtora cultural, professora de Flamenco e L\u00edngua e Literatura Espanholas, bailaora e chef de cozinha. Em 2019 inaugurou seu pr\u00f3prio espa\u00e7o na capital mineira, a Casa Carmen, mais que uma escola de dan\u00e7a, um centro cultural. Teve viv\u00eancias na Espanha e estudou com diversos<br \/>\nnomes de peso do Flamenco brasileiro e espanhol. Sua paix\u00e3o \u00e9 o principal motor de seu trabalho. \u00c9 fascinada pelas possibilidades que o Flamenco oferece ao ser humano na busca da sua auto aceita\u00e7\u00e3o e autoestima<\/p>\n","protected":false},"excerpt":{"rendered":"<p>Produtora cultural, professora de Flamenco e L\u00edngua e Literatura Espanholas, bailaora e chef de cozinha. Em 2019 inaugurou seu pr\u00f3prio espa\u00e7o na capital mineira, a Casa Carmen, mais que uma escola de dan\u00e7a, um centro cultural. Teve viv\u00eancias na Espanha e estudou com diversos nomes de peso do Flamenco brasileiro e espanhol. Sua paix\u00e3o \u00e9 [&hellip;]<\/p>\n","protected":false},"featured_media":192,"template":"","categories":[6],"class_list":["post-240","programacao","type-programacao","status-publish","has-post-thumbnail","hentry","category-danca"],"yoast_head":"<!-- This site is optimized with the Yoast SEO plugin v16.0.2 - https:\/\/yoast.com\/wordpress\/plugins\/seo\/ -->\n<link rel=\"canonical\" href=\"https:\/\/popplus.com.br\/festival2021\/programacao\/apresentacao-thais-maia\/\" \/>\n<meta property=\"og:locale\" content=\"pt_BR\" \/>\n<meta property=\"og:type\" content=\"article\" \/>\n<meta property=\"og:title\" content=\"FLAMENCO - Tha\u00eds Maya - Festival PopPlus Em Casa 2021\" \/>\n<meta property=\"og:description\" content=\"Produtora cultural, professora de Flamenco e L\u00edngua e Literatura Espanholas, bailaora e chef de cozinha. Em 2019 inaugurou seu pr\u00f3prio espa\u00e7o na capital mineira, a Casa Carmen, mais que uma escola de dan\u00e7a, um centro cultural. Teve viv\u00eancias na Espanha e estudou com diversos nomes de peso do Flamenco brasileiro e espanhol. Sua paix\u00e3o \u00e9 [&hellip;]\" \/>\n<meta property=\"og:url\" content=\"https:\/\/popplus.com.br\/festival2021\/programacao\/apresentacao-thais-maia\/\" \/>\n<meta property=\"og:site_name\" content=\"Festival PopPlus Em Casa 2021\" \/>\n<meta property=\"article:modified_time\" content=\"2021-04-04T21:04:18+00:00\" \/>\n<meta property=\"og:image\" content=\"https:\/\/popplus.com.br\/festival2021\/wp-content\/uploads\/2021\/03\/thaismaia-popplus.jpg\" \/>\n\t<meta property=\"og:image:width\" content=\"1000\" \/>\n\t<meta property=\"og:image:height\" content=\"800\" \/>\n<meta name=\"twitter:card\" content=\"summary_large_image\" \/>\n<script type=\"application\/ld+json\" class=\"yoast-schema-graph\">{\"@context\":\"https:\/\/schema.org\",\"@graph\":[{\"@type\":\"WebSite\",\"@id\":\"https:\/\/popplus.com.br\/festival2021\/#website\",\"url\":\"https:\/\/popplus.com.br\/festival2021\/\",\"name\":\"Festival PopPlus Em Casa 2021\",\"description\":\"\",\"potentialAction\":[{\"@type\":\"SearchAction\",\"target\":\"https:\/\/popplus.com.br\/festival2021\/?s={search_term_string}\",\"query-input\":\"required name=search_term_string\"}],\"inLanguage\":\"pt-BR\"},{\"@type\":\"ImageObject\",\"@id\":\"https:\/\/popplus.com.br\/festival2021\/programacao\/apresentacao-thais-maia\/#primaryimage\",\"inLanguage\":\"pt-BR\",\"url\":\"https:\/\/popplus.com.br\/festival2021\/wp-content\/uploads\/2021\/03\/thaismaia-popplus.jpg\",\"width\":1000,\"height\":800},{\"@type\":\"WebPage\",\"@id\":\"https:\/\/popplus.com.br\/festival2021\/programacao\/apresentacao-thais-maia\/#webpage\",\"url\":\"https:\/\/popplus.com.br\/festival2021\/programacao\/apresentacao-thais-maia\/\",\"name\":\"FLAMENCO - Tha\\u00eds Maya - Festival PopPlus Em Casa 2021\",\"isPartOf\":{\"@id\":\"https:\/\/popplus.com.br\/festival2021\/#website\"},\"primaryImageOfPage\":{\"@id\":\"https:\/\/popplus.com.br\/festival2021\/programacao\/apresentacao-thais-maia\/#primaryimage\"},\"datePublished\":\"2021-03-29T22:26:49+00:00\",\"dateModified\":\"2021-04-04T21:04:18+00:00\",\"breadcrumb\":{\"@id\":\"https:\/\/popplus.com.br\/festival2021\/programacao\/apresentacao-thais-maia\/#breadcrumb\"},\"inLanguage\":\"pt-BR\",\"potentialAction\":[{\"@type\":\"ReadAction\",\"target\":[\"https:\/\/popplus.com.br\/festival2021\/programacao\/apresentacao-thais-maia\/\"]}]},{\"@type\":\"BreadcrumbList\",\"@id\":\"https:\/\/popplus.com.br\/festival2021\/programacao\/apresentacao-thais-maia\/#breadcrumb\",\"itemListElement\":[{\"@type\":\"ListItem\",\"position\":1,\"item\":{\"@type\":\"WebPage\",\"@id\":\"https:\/\/popplus.com.br\/festival2021\/\",\"url\":\"https:\/\/popplus.com.br\/festival2021\/\",\"name\":\"In\\u00edcio\"}},{\"@type\":\"ListItem\",\"position\":2,\"item\":{\"@type\":\"WebPage\",\"@id\":\"https:\/\/popplus.com.br\/festival2021\/programacao\/apresentacao-thais-maia\/\",\"url\":\"https:\/\/popplus.com.br\/festival2021\/programacao\/apresentacao-thais-maia\/\",\"name\":\"FLAMENCO &#8211; Tha\\u00eds Maya\"}}]}]}<\/script>\n<!-- \/ Yoast SEO plugin. -->","_links":{"self":[{"href":"https:\/\/popplus.com.br\/festival2021\/wp-json\/wp\/v2\/programacao\/240","targetHints":{"allow":["GET"]}}],"collection":[{"href":"https:\/\/popplus.com.br\/festival2021\/wp-json\/wp\/v2\/programacao"}],"about":[{"href":"https:\/\/popplus.com.br\/festival2021\/wp-json\/wp\/v2\/types\/programacao"}],"wp:featuredmedia":[{"embeddable":true,"href":"https:\/\/popplus.com.br\/festival2021\/wp-json\/wp\/v2\/media\/192"}],"wp:attachment":[{"href":"https:\/\/popplus.com.br\/festival2021\/wp-json\/wp\/v2\/media?parent=240"}],"wp:term":[{"taxonomy":"category","embeddable":true,"href":"https:\/\/popplus.com.br\/festival2021\/wp-json\/wp\/v2\/categories?post=240"}],"curies":[{"name":"wp","href":"https:\/\/api.w.org\/{rel}","templated":true}]}}