{"id":233,"date":"2021-03-29T19:22:24","date_gmt":"2021-03-29T22:22:24","guid":{"rendered":"https:\/\/popplus.com.br\/festival2021\/?post_type=programacao&#038;p=233"},"modified":"2021-04-04T21:34:59","modified_gmt":"2021-04-05T00:34:59","slug":"debate-o-corpo-gordo-na-arte-e-na-cultura-pop","status":"publish","type":"programacao","link":"https:\/\/popplus.com.br\/festival2021\/programacao\/debate-o-corpo-gordo-na-arte-e-na-cultura-pop\/","title":{"rendered":"Debate &#8211; O corpo gordo na arte e na cultura pop"},"content":{"rendered":"<p><strong>Participantes<\/strong>: Drika Lucena; Nadya Gushiken; Agnes Arruda e Gui Ven\u00edcio<br \/>\n<strong>Media\u00e7\u00e3o:<\/strong> Ju Romano<\/p>\n<h2>Ju Romano<\/h2>\n<p><img loading=\"lazy\" decoding=\"async\" class=\"alignleft size-medium wp-image-323\" src=\"https:\/\/popplus.com.br\/festival2021\/wp-content\/uploads\/2021\/03\/Ju-Romano-225x300.png\" alt=\"\" width=\"225\" height=\"300\" srcset=\"https:\/\/popplus.com.br\/festival2021\/wp-content\/uploads\/2021\/03\/Ju-Romano-225x300.png 225w, https:\/\/popplus.com.br\/festival2021\/wp-content\/uploads\/2021\/03\/Ju-Romano-768x1024.png 768w, https:\/\/popplus.com.br\/festival2021\/wp-content\/uploads\/2021\/03\/Ju-Romano.png 800w\" sizes=\"auto, (max-width: 225px) 100vw, 225px\" \/>Ju Romano \u00e9 criadora de conte\u00fado digital, jornalista e defensora da liberdade da gente ser como e o que quiser. Mant\u00e9m desde 2008 seu blog, juromano.com e compartilha em todas as redes sociais dicas de moda e lifestyle para mulheres que est\u00e3o cansadas de seguir padr\u00f5es.<br \/>\n<a href=\"https:\/\/www.instagram.com\/ju_romano\/\">https:\/\/www.instagram.com\/ju_romano\/<\/a><\/p>\n<h2><\/h2>\n<h2><\/h2>\n<h2><\/h2>\n<h2><\/h2>\n<p>&nbsp;<\/p>\n<p>&nbsp;<\/p>\n<h2><\/h2>\n<p>&nbsp;<\/p>\n<h2>Adriana Vieira Lucena<\/h2>\n<p><img loading=\"lazy\" decoding=\"async\" class=\"alignleft size-medium wp-image-321\" src=\"https:\/\/popplus.com.br\/festival2021\/wp-content\/uploads\/2021\/03\/Drika-227x300.png\" alt=\"\" width=\"227\" height=\"300\" srcset=\"https:\/\/popplus.com.br\/festival2021\/wp-content\/uploads\/2021\/03\/Drika-227x300.png 227w, https:\/\/popplus.com.br\/festival2021\/wp-content\/uploads\/2021\/03\/Drika-776x1024.png 776w, https:\/\/popplus.com.br\/festival2021\/wp-content\/uploads\/2021\/03\/Drika-768x1013.png 768w, https:\/\/popplus.com.br\/festival2021\/wp-content\/uploads\/2021\/03\/Drika.png 800w\" sizes=\"auto, (max-width: 227px) 100vw, 227px\" \/>Drika Lucena \u00e9 artista pl\u00e1stica e publicit\u00e1ria de forma\u00e7\u00e3o e professora universit\u00e1ria por voca\u00e7\u00e3o.<br \/>\nNo magist\u00e9rio superior h\u00e1 20 anos leciona Hist\u00f3ria da Arte, Cultura Brasileira, Linguagem Visual, Est\u00e9tica, Produ\u00e7\u00e3o de Arte, Criatividade e Inova\u00e7\u00e3o, Design e Meio Ambiente e Cool Hunter.<br \/>\nP\u00f3s-graduada em Cria\u00e7\u00e3o Visual e Multim\u00eddia, atua em produ\u00e7\u00f5es audiovisuais como diretora de Arte. Com vasta experi\u00eancia em figurinos, maquiagem de efeitos e cenografia sustent\u00e1vel, ministra palestras e oficinas para iniciantes e profissionais. Estudiosa em Est\u00e9tica e hist\u00f3ria das<br \/>\nfestas de cultura popular como Carnaval, Reisados, Quadrilhas Juninas e Maracatu, presta consultoria e faz presen\u00e7a em eventos culturais de grande porte como julgadora e comentarista.<br \/>\nPor 10 anos foi redatora publicit\u00e1ria e escreveu colunas em revistas e jornais especializados.<br \/>\n<a href=\"https:\/\/www.instagram.com\/_drika_lucena\/\">https:\/\/www.instagram.com\/_drika_lucena\/<\/a><\/p>\n<h2><\/h2>\n<h2><\/h2>\n<h2><\/h2>\n<h2>Nadya Gushiken<\/h2>\n<p><img loading=\"lazy\" decoding=\"async\" class=\"alignleft size-medium wp-image-324\" src=\"https:\/\/popplus.com.br\/festival2021\/wp-content\/uploads\/2021\/03\/Nadya-Gushiken-199x300.png\" alt=\"\" width=\"199\" height=\"300\" srcset=\"https:\/\/popplus.com.br\/festival2021\/wp-content\/uploads\/2021\/03\/Nadya-Gushiken-199x300.png 199w, https:\/\/popplus.com.br\/festival2021\/wp-content\/uploads\/2021\/03\/Nadya-Gushiken-680x1024.png 680w, https:\/\/popplus.com.br\/festival2021\/wp-content\/uploads\/2021\/03\/Nadya-Gushiken-768x1156.png 768w, https:\/\/popplus.com.br\/festival2021\/wp-content\/uploads\/2021\/03\/Nadya-Gushiken.png 800w\" sizes=\"auto, (max-width: 199px) 100vw, 199px\" \/>Nadya Gushiken \u00e9 mulher amarela, nipo okinawana brasileira biracial, diagramadora, projetista, atualmente graduanda em Letras pela Universidade de S\u00e3o Paulo, possui viv\u00eancias como estagi\u00e1ria cultural no jAp\u00e3o e em Okinawa e atua em projetos culturais e voluntariado dentro da<br \/>\ncomunidade nipo brasileira. Ativista em grupos de discuss\u00e3o acerca de estudos sobre aspectos que tangem os processos das constru\u00e7\u00f5es das identidades leste asi\u00e1ticas diasp\u00f3ricas dos imigrantes e seus descendentes no Ocidente, participa ativamente de coletivos como o Brasilidades Asi\u00e1ticas e o Perigo Amarelo, assim como tamb\u00e9m em grupos do feminismo inter seccional asi\u00e1tico brasileiro como a Plataforma L\u00f3tus.<br \/>\n<a href=\"https:\/\/www.instagram.com\/champloo.gurl\/\">https:\/\/www.instagram.com\/champloo.gurl\/<\/a><\/p>\n<h2><\/h2>\n<h2><\/h2>\n<h2><\/h2>\n<h2><\/h2>\n<h2>Agnes Arruda<\/h2>\n<p><img loading=\"lazy\" decoding=\"async\" class=\"alignleft size-medium wp-image-320\" src=\"https:\/\/popplus.com.br\/festival2021\/wp-content\/uploads\/2021\/03\/Agnes-Arruda2-300x169.png\" alt=\"\" width=\"300\" height=\"169\" srcset=\"https:\/\/popplus.com.br\/festival2021\/wp-content\/uploads\/2021\/03\/Agnes-Arruda2-300x169.png 300w, https:\/\/popplus.com.br\/festival2021\/wp-content\/uploads\/2021\/03\/Agnes-Arruda2-768x432.png 768w, https:\/\/popplus.com.br\/festival2021\/wp-content\/uploads\/2021\/03\/Agnes-Arruda2.png 800w\" sizes=\"auto, (max-width: 300px) 100vw, 300px\" \/>Agnes Arruda \u00e9 Jornalista e tamb\u00e9m mestre e doutora em Comunica\u00e7\u00e3o. Professora universit\u00e1ria h\u00e1 mais de 10 anos, sempre soube que era tratada diferente por causa do tamanho do seu corpo\u2026 Mas sempre se culpou por isso. O mundo passou a ser outro, no entanto, quando soube<br \/>\nnomear a #gordofobia. Em 2019 defendeu a tese \u201cO PESO E A M\u00cdDIA: uma autoetnografia da gordofobia sob o olhar da complexidade\u201d, na qual mostra o quanto os meios hegem\u00f4nicos de comunica\u00e7\u00e3o t\u00eam responsabilidade no comportamento gordof\u00f3bico da sociedade. A tese foi editada em livro pela Alameda Casa Editorial. No projeto #TamanhoGrande, democratiza o conte\u00fado da pesquisa com v\u00eddeos no YouTube, podcast e Instagram (@tamanhoggrande).<br \/>\nAtualmente desenvolve projetos independentes de pesquisa e divulga\u00e7\u00e3o cient\u00edfica.<br \/>\n<a href=\"https:\/\/www.instagram.com\/tamanhoggrande\/\">https:\/\/www.instagram.com\/tamanhoggrande\/<\/a><br \/>\n<a href=\"https:\/\/linktr.ee\/arrudaagnes\">https:\/\/linktr.ee\/arrudaagnes<\/a><\/p>\n<h2><\/h2>\n<h2>Gui Ven\u00edcio<\/h2>\n<p><img loading=\"lazy\" decoding=\"async\" class=\"alignleft size-medium wp-image-322\" src=\"https:\/\/popplus.com.br\/festival2021\/wp-content\/uploads\/2021\/03\/Gui-Venicio-300x300.png\" alt=\"\" width=\"300\" height=\"300\" srcset=\"https:\/\/popplus.com.br\/festival2021\/wp-content\/uploads\/2021\/03\/Gui-Venicio-300x300.png 300w, https:\/\/popplus.com.br\/festival2021\/wp-content\/uploads\/2021\/03\/Gui-Venicio-150x150.png 150w, https:\/\/popplus.com.br\/festival2021\/wp-content\/uploads\/2021\/03\/Gui-Venicio-768x768.png 768w, https:\/\/popplus.com.br\/festival2021\/wp-content\/uploads\/2021\/03\/Gui-Venicio.png 800w\" sizes=\"auto, (max-width: 300px) 100vw, 300px\" \/>Gui Venicio \u00e9 digital creator e trabalha como analista funcional no setor de tecnologia. Come\u00e7ou em 2017 a mostrar mais a sua viv\u00eancia como pessoa negra, gorda, gay e queer atrav\u00e9s das redes sociais, compartilhando tamb\u00e9m informa\u00e7\u00f5es importantes sobre racismo, homofobia e gordofobia.<br \/>\nEm 2019, utilizou seu espa\u00e7o para falar mais sobre m\u00fasica, trazendo um programa semanal no instagram, onde apresentava os \u00faltimos lan\u00e7amentos e os seguidores podiam interagir e indicar outros artistas. Conquistando mais visibilidade nesse meio, teve a oportunidade de participar do elenco do clipe de \u201cA Caminhada\u201d, da Gloria Groove, e \u201cFogo\u201d, da Karin Hills. Atualmente, pelo instagram, Gui est\u00e1 produzindo conte\u00fado sobre games e realizando a 4\u00aa temporada do seu game Ursaringue, onde os seus seguidores participam de batalhas musicais.<br \/>\n<a href=\"https:\/\/www.instagram.com\/ursapwr\/\">https:\/\/www.instagram.com\/ursapwr\/<\/a><\/p>\n<p>&nbsp;<\/p>\n<p>&nbsp;<\/p>\n","protected":false},"excerpt":{"rendered":"<p>Participantes: Drika Lucena; Nadya Gushiken; Agnes Arruda e Gui Ven\u00edcio Media\u00e7\u00e3o: Ju Romano Ju Romano Ju Romano \u00e9 criadora de conte\u00fado digital, jornalista e defensora da liberdade da gente ser como e o que quiser. Mant\u00e9m desde 2008 seu blog, juromano.com e compartilha em todas as redes sociais dicas de moda e lifestyle para mulheres [&hellip;]<\/p>\n","protected":false},"featured_media":310,"template":"","categories":[3],"class_list":["post-233","programacao","type-programacao","status-publish","has-post-thumbnail","hentry","category-debates"],"yoast_head":"<!-- This site is optimized with the Yoast SEO plugin v16.0.2 - https:\/\/yoast.com\/wordpress\/plugins\/seo\/ -->\n<link rel=\"canonical\" href=\"https:\/\/popplus.com.br\/festival2021\/programacao\/debate-o-corpo-gordo-na-arte-e-na-cultura-pop\/\" \/>\n<meta property=\"og:locale\" content=\"pt_BR\" \/>\n<meta property=\"og:type\" content=\"article\" \/>\n<meta property=\"og:title\" content=\"Debate - O corpo gordo na arte e na cultura pop - Festival PopPlus Em Casa 2021\" \/>\n<meta property=\"og:description\" content=\"Participantes: Drika Lucena; Nadya Gushiken; Agnes Arruda e Gui Ven\u00edcio Media\u00e7\u00e3o: Ju Romano Ju Romano Ju Romano \u00e9 criadora de conte\u00fado digital, jornalista e defensora da liberdade da gente ser como e o que quiser. Mant\u00e9m desde 2008 seu blog, juromano.com e compartilha em todas as redes sociais dicas de moda e lifestyle para mulheres [&hellip;]\" \/>\n<meta property=\"og:url\" content=\"https:\/\/popplus.com.br\/festival2021\/programacao\/debate-o-corpo-gordo-na-arte-e-na-cultura-pop\/\" \/>\n<meta property=\"og:site_name\" content=\"Festival PopPlus Em Casa 2021\" \/>\n<meta property=\"article:modified_time\" content=\"2021-04-05T00:34:59+00:00\" \/>\n<meta property=\"og:image\" content=\"https:\/\/popplus.com.br\/festival2021\/wp-content\/uploads\/2021\/03\/POP_FES_carrossel-debate-02.jpg\" \/>\n\t<meta property=\"og:image:width\" content=\"1080\" \/>\n\t<meta property=\"og:image:height\" content=\"1080\" \/>\n<meta name=\"twitter:card\" content=\"summary_large_image\" \/>\n<meta name=\"twitter:label1\" content=\"Est. tempo de leitura\">\n\t<meta name=\"twitter:data1\" content=\"3 minutos\">\n<script type=\"application\/ld+json\" class=\"yoast-schema-graph\">{\"@context\":\"https:\/\/schema.org\",\"@graph\":[{\"@type\":\"WebSite\",\"@id\":\"https:\/\/popplus.com.br\/festival2021\/#website\",\"url\":\"https:\/\/popplus.com.br\/festival2021\/\",\"name\":\"Festival PopPlus Em Casa 2021\",\"description\":\"\",\"potentialAction\":[{\"@type\":\"SearchAction\",\"target\":\"https:\/\/popplus.com.br\/festival2021\/?s={search_term_string}\",\"query-input\":\"required name=search_term_string\"}],\"inLanguage\":\"pt-BR\"},{\"@type\":\"ImageObject\",\"@id\":\"https:\/\/popplus.com.br\/festival2021\/programacao\/debate-o-corpo-gordo-na-arte-e-na-cultura-pop\/#primaryimage\",\"inLanguage\":\"pt-BR\",\"url\":\"https:\/\/popplus.com.br\/festival2021\/wp-content\/uploads\/2021\/03\/POP_FES_carrossel-debate-02.jpg\",\"width\":1080,\"height\":1080},{\"@type\":\"WebPage\",\"@id\":\"https:\/\/popplus.com.br\/festival2021\/programacao\/debate-o-corpo-gordo-na-arte-e-na-cultura-pop\/#webpage\",\"url\":\"https:\/\/popplus.com.br\/festival2021\/programacao\/debate-o-corpo-gordo-na-arte-e-na-cultura-pop\/\",\"name\":\"Debate - O corpo gordo na arte e na cultura pop - Festival PopPlus Em Casa 2021\",\"isPartOf\":{\"@id\":\"https:\/\/popplus.com.br\/festival2021\/#website\"},\"primaryImageOfPage\":{\"@id\":\"https:\/\/popplus.com.br\/festival2021\/programacao\/debate-o-corpo-gordo-na-arte-e-na-cultura-pop\/#primaryimage\"},\"datePublished\":\"2021-03-29T22:22:24+00:00\",\"dateModified\":\"2021-04-05T00:34:59+00:00\",\"breadcrumb\":{\"@id\":\"https:\/\/popplus.com.br\/festival2021\/programacao\/debate-o-corpo-gordo-na-arte-e-na-cultura-pop\/#breadcrumb\"},\"inLanguage\":\"pt-BR\",\"potentialAction\":[{\"@type\":\"ReadAction\",\"target\":[\"https:\/\/popplus.com.br\/festival2021\/programacao\/debate-o-corpo-gordo-na-arte-e-na-cultura-pop\/\"]}]},{\"@type\":\"BreadcrumbList\",\"@id\":\"https:\/\/popplus.com.br\/festival2021\/programacao\/debate-o-corpo-gordo-na-arte-e-na-cultura-pop\/#breadcrumb\",\"itemListElement\":[{\"@type\":\"ListItem\",\"position\":1,\"item\":{\"@type\":\"WebPage\",\"@id\":\"https:\/\/popplus.com.br\/festival2021\/\",\"url\":\"https:\/\/popplus.com.br\/festival2021\/\",\"name\":\"In\\u00edcio\"}},{\"@type\":\"ListItem\",\"position\":2,\"item\":{\"@type\":\"WebPage\",\"@id\":\"https:\/\/popplus.com.br\/festival2021\/programacao\/debate-o-corpo-gordo-na-arte-e-na-cultura-pop\/\",\"url\":\"https:\/\/popplus.com.br\/festival2021\/programacao\/debate-o-corpo-gordo-na-arte-e-na-cultura-pop\/\",\"name\":\"Debate &#8211; O corpo gordo na arte e na cultura pop\"}}]}]}<\/script>\n<!-- \/ Yoast SEO plugin. -->","_links":{"self":[{"href":"https:\/\/popplus.com.br\/festival2021\/wp-json\/wp\/v2\/programacao\/233","targetHints":{"allow":["GET"]}}],"collection":[{"href":"https:\/\/popplus.com.br\/festival2021\/wp-json\/wp\/v2\/programacao"}],"about":[{"href":"https:\/\/popplus.com.br\/festival2021\/wp-json\/wp\/v2\/types\/programacao"}],"wp:featuredmedia":[{"embeddable":true,"href":"https:\/\/popplus.com.br\/festival2021\/wp-json\/wp\/v2\/media\/310"}],"wp:attachment":[{"href":"https:\/\/popplus.com.br\/festival2021\/wp-json\/wp\/v2\/media?parent=233"}],"wp:term":[{"taxonomy":"category","embeddable":true,"href":"https:\/\/popplus.com.br\/festival2021\/wp-json\/wp\/v2\/categories?post=233"}],"curies":[{"name":"wp","href":"https:\/\/api.w.org\/{rel}","templated":true}]}}