{"id":232,"date":"2021-03-29T19:21:05","date_gmt":"2021-03-29T22:21:05","guid":{"rendered":"https:\/\/popplus.com.br\/festival2021\/?post_type=programacao&#038;p=232"},"modified":"2021-04-05T10:51:16","modified_gmt":"2021-04-05T13:51:16","slug":"apresentacao-silvia-akef","status":"publish","type":"programacao","link":"https:\/\/popplus.com.br\/festival2021\/programacao\/apresentacao-silvia-akef\/","title":{"rendered":"DAN\u00c7A DE VENTRE &#8211; Silvia Akef"},"content":{"rendered":"<p>Uma das divas dos palcos do Pop Plus, \u00e9 profissional do turismo, fot\u00f3grafa amadora e educadora de Mulheres na Arte da Dan\u00e7a do Ventre no @studiosabahali<\/p>\n","protected":false},"excerpt":{"rendered":"<p>Uma das divas dos palcos do Pop Plus, \u00e9 profissional do turismo, fot\u00f3grafa amadora e educadora de Mulheres na Arte da Dan\u00e7a do Ventre no @studiosabahali<\/p>\n","protected":false},"featured_media":194,"template":"","categories":[6],"class_list":["post-232","programacao","type-programacao","status-publish","has-post-thumbnail","hentry","category-danca"],"yoast_head":"<!-- This site is optimized with the Yoast SEO plugin v16.0.2 - https:\/\/yoast.com\/wordpress\/plugins\/seo\/ -->\n<link rel=\"canonical\" href=\"https:\/\/popplus.com.br\/festival2021\/programacao\/apresentacao-silvia-akef\/\" \/>\n<meta property=\"og:locale\" content=\"pt_BR\" \/>\n<meta property=\"og:type\" content=\"article\" \/>\n<meta property=\"og:title\" content=\"DAN\u00c7A DE VENTRE - Silvia Akef - Festival PopPlus Em Casa 2021\" \/>\n<meta property=\"og:description\" content=\"Uma das divas dos palcos do Pop Plus, \u00e9 profissional do turismo, fot\u00f3grafa amadora e educadora de Mulheres na Arte da Dan\u00e7a do Ventre no @studiosabahali\" \/>\n<meta property=\"og:url\" content=\"https:\/\/popplus.com.br\/festival2021\/programacao\/apresentacao-silvia-akef\/\" \/>\n<meta property=\"og:site_name\" content=\"Festival PopPlus Em Casa 2021\" \/>\n<meta property=\"article:modified_time\" content=\"2021-04-05T13:51:16+00:00\" \/>\n<meta property=\"og:image\" content=\"https:\/\/popplus.com.br\/festival2021\/wp-content\/uploads\/2021\/03\/silviaakef-popplus-e1617630669175.jpg\" \/>\n\t<meta property=\"og:image:width\" content=\"580\" \/>\n\t<meta property=\"og:image:height\" content=\"425\" \/>\n<meta name=\"twitter:card\" content=\"summary_large_image\" \/>\n<script type=\"application\/ld+json\" class=\"yoast-schema-graph\">{\"@context\":\"https:\/\/schema.org\",\"@graph\":[{\"@type\":\"WebSite\",\"@id\":\"https:\/\/popplus.com.br\/festival2021\/#website\",\"url\":\"https:\/\/popplus.com.br\/festival2021\/\",\"name\":\"Festival PopPlus Em Casa 2021\",\"description\":\"\",\"potentialAction\":[{\"@type\":\"SearchAction\",\"target\":\"https:\/\/popplus.com.br\/festival2021\/?s={search_term_string}\",\"query-input\":\"required name=search_term_string\"}],\"inLanguage\":\"pt-BR\"},{\"@type\":\"ImageObject\",\"@id\":\"https:\/\/popplus.com.br\/festival2021\/programacao\/apresentacao-silvia-akef\/#primaryimage\",\"inLanguage\":\"pt-BR\",\"url\":\"https:\/\/popplus.com.br\/festival2021\/wp-content\/uploads\/2021\/03\/silviaakef-popplus-e1617630669175.jpg\",\"width\":580,\"height\":425},{\"@type\":\"WebPage\",\"@id\":\"https:\/\/popplus.com.br\/festival2021\/programacao\/apresentacao-silvia-akef\/#webpage\",\"url\":\"https:\/\/popplus.com.br\/festival2021\/programacao\/apresentacao-silvia-akef\/\",\"name\":\"DAN\\u00c7A DE VENTRE - Silvia Akef - Festival PopPlus Em Casa 2021\",\"isPartOf\":{\"@id\":\"https:\/\/popplus.com.br\/festival2021\/#website\"},\"primaryImageOfPage\":{\"@id\":\"https:\/\/popplus.com.br\/festival2021\/programacao\/apresentacao-silvia-akef\/#primaryimage\"},\"datePublished\":\"2021-03-29T22:21:05+00:00\",\"dateModified\":\"2021-04-05T13:51:16+00:00\",\"breadcrumb\":{\"@id\":\"https:\/\/popplus.com.br\/festival2021\/programacao\/apresentacao-silvia-akef\/#breadcrumb\"},\"inLanguage\":\"pt-BR\",\"potentialAction\":[{\"@type\":\"ReadAction\",\"target\":[\"https:\/\/popplus.com.br\/festival2021\/programacao\/apresentacao-silvia-akef\/\"]}]},{\"@type\":\"BreadcrumbList\",\"@id\":\"https:\/\/popplus.com.br\/festival2021\/programacao\/apresentacao-silvia-akef\/#breadcrumb\",\"itemListElement\":[{\"@type\":\"ListItem\",\"position\":1,\"item\":{\"@type\":\"WebPage\",\"@id\":\"https:\/\/popplus.com.br\/festival2021\/\",\"url\":\"https:\/\/popplus.com.br\/festival2021\/\",\"name\":\"In\\u00edcio\"}},{\"@type\":\"ListItem\",\"position\":2,\"item\":{\"@type\":\"WebPage\",\"@id\":\"https:\/\/popplus.com.br\/festival2021\/programacao\/apresentacao-silvia-akef\/\",\"url\":\"https:\/\/popplus.com.br\/festival2021\/programacao\/apresentacao-silvia-akef\/\",\"name\":\"DAN\\u00c7A DE VENTRE &#8211; Silvia Akef\"}}]}]}<\/script>\n<!-- \/ Yoast SEO plugin. -->","_links":{"self":[{"href":"https:\/\/popplus.com.br\/festival2021\/wp-json\/wp\/v2\/programacao\/232","targetHints":{"allow":["GET"]}}],"collection":[{"href":"https:\/\/popplus.com.br\/festival2021\/wp-json\/wp\/v2\/programacao"}],"about":[{"href":"https:\/\/popplus.com.br\/festival2021\/wp-json\/wp\/v2\/types\/programacao"}],"wp:featuredmedia":[{"embeddable":true,"href":"https:\/\/popplus.com.br\/festival2021\/wp-json\/wp\/v2\/media\/194"}],"wp:attachment":[{"href":"https:\/\/popplus.com.br\/festival2021\/wp-json\/wp\/v2\/media?parent=232"}],"wp:term":[{"taxonomy":"category","embeddable":true,"href":"https:\/\/popplus.com.br\/festival2021\/wp-json\/wp\/v2\/categories?post=232"}],"curies":[{"name":"wp","href":"https:\/\/api.w.org\/{rel}","templated":true}]}}