{"id":224,"date":"2021-03-29T19:17:00","date_gmt":"2021-03-29T22:17:00","guid":{"rendered":"https:\/\/popplus.com.br\/festival2021\/?post_type=programacao&#038;p=224"},"modified":"2021-04-04T21:30:38","modified_gmt":"2021-04-05T00:30:38","slug":"debate-direitos-da-pessoa-gorda","status":"publish","type":"programacao","link":"https:\/\/popplus.com.br\/festival2021\/programacao\/debate-direitos-da-pessoa-gorda\/","title":{"rendered":"Debate &#8211; Direitos da Pessoa Gorda"},"content":{"rendered":"<p><strong>Participantes:<\/strong> Rayane Souza; Keit Lima e Vanessa Almeida<br \/>\n<strong>Media\u00e7\u00e3o:<\/strong> Jessica Balbino<\/p>\n<h2><strong>J\u00e9ssica Balbino<\/strong><\/h2>\n<p><img loading=\"lazy\" decoding=\"async\" class=\"alignleft size-medium wp-image-318\" src=\"https:\/\/popplus.com.br\/festival2021\/wp-content\/uploads\/2021\/03\/Jessica-Balbino_credito-Joao-Silva-3-200x300.png\" alt=\"\" width=\"200\" height=\"300\" srcset=\"https:\/\/popplus.com.br\/festival2021\/wp-content\/uploads\/2021\/03\/Jessica-Balbino_credito-Joao-Silva-3-200x300.png 200w, https:\/\/popplus.com.br\/festival2021\/wp-content\/uploads\/2021\/03\/Jessica-Balbino_credito-Joao-Silva-3-683x1024.png 683w, https:\/\/popplus.com.br\/festival2021\/wp-content\/uploads\/2021\/03\/Jessica-Balbino_credito-Joao-Silva-3-768x1152.png 768w, https:\/\/popplus.com.br\/festival2021\/wp-content\/uploads\/2021\/03\/Jessica-Balbino_credito-Joao-Silva-3.png 800w\" sizes=\"auto, (max-width: 200px) 100vw, 200px\" \/><\/p>\n<p>\u00c9 jornalista e acredita que as narrativas podem transformar o mundo. Mestre em comunica\u00e7\u00e3o pela Unicamp, \u00e9 premiada pelo Estado de Minas Gerais com o projeto Margens e pelo Minc com o livro-reportagem &#8220;Hip-Hop &#8211; A Cultura Marginal&#8221;. Recebeu tamb\u00e9m, por dois anos consecutivos, o pr\u00eamio Maiores &amp; Melhores, na categoria Assessoria de Imprensa. \u00c9 autora dos livros &#8220;Hip-Hop &#8211; A Cultura Marginal&#8221; e &#8220;Traficando Conhecimento&#8221;. Coordena o Margens, que realiza curadoria, divulga\u00e7\u00e3o e edi\u00e7\u00e3o de conte\u00fado e reportagens de literatura contempor\u00e2nea.<br \/>\nParticipou de eventos liter\u00e1rios dentro e fora do pa\u00eds e \u00e9 tamb\u00e9m curadora e produtora de projetos como o L\u00e1 na Laje, Sesc Pompeia. Faz curadoria de diferentes eventos Brasil afora. Escreve para ve\u00edculos como Catraca Livre, Puta Peita, M pelo Mundo, BuzzFeed, Hysteria e Suplemento<br \/>\nPernambuco.<br \/>\n<a href=\"https:\/\/www.instagram.com\/jessicabalbino_\/\">https:\/\/www.instagram.com\/jessicabalbino_\/<\/a><br \/>\n<a href=\"https:\/\/linktr.ee\/jessicabalbino_\">https:\/\/linktr.ee\/jessicabalbino_<\/a><\/p>\n<h2><\/h2>\n<h2><\/h2>\n<h2>Rayane Souza<\/h2>\n<p><img loading=\"lazy\" decoding=\"async\" class=\"alignleft size-medium wp-image-316\" src=\"https:\/\/popplus.com.br\/festival2021\/wp-content\/uploads\/2021\/03\/Rayane-souza-240x300.png\" alt=\"\" width=\"240\" height=\"300\" srcset=\"https:\/\/popplus.com.br\/festival2021\/wp-content\/uploads\/2021\/03\/Rayane-souza-240x300.png 240w, https:\/\/popplus.com.br\/festival2021\/wp-content\/uploads\/2021\/03\/Rayane-souza-768x960.png 768w, https:\/\/popplus.com.br\/festival2021\/wp-content\/uploads\/2021\/03\/Rayane-souza.png 800w\" sizes=\"auto, (max-width: 240px) 100vw, 240px\" \/>Rayane Souza, Jurista, Ativista do Movimento Anti Gordofobia, co-fundadora do Gorda na Lei, P\u00f3s Graduanda em Direito Cibern\u00e9tico.<br \/>\nO Projeto Gorda na Lei, nasceu em meio a pandemia com o intuito de oferecer informa\u00e7\u00e3o jur\u00eddica \u00e1 respeito ao combate contra gordodobia.Formado pela Ativista Rayane Souza e pela Advogada Mariana Vieira, o projeto visa levar o discurso anti gordofobia para dentro do \u00e2mbito jur\u00eddico buscando tornar o termo t\u00e3o relevante quanto aos diversos preconceitos sociais.<br \/>\nMariana Vieira de Oliveira, advogada, membro da Comiss\u00e3o de Direitos Sociais da OAB-ES, co fundadora do projeto Gorda na Lei.<br \/>\n<a href=\"https:\/\/www.instagram.com\/rayanesouzaplus\/\">https:\/\/www.instagram.com\/rayanesouzaplus\/<\/a><br \/>\n<a href=\"https:\/\/www.instagram.com\/gordanalei\/\">https:\/\/www.instagram.com\/gordanalei\/<\/a><\/p>\n<h2><\/h2>\n<h2><\/h2>\n<h2><\/h2>\n<h2>Keit Lima<\/h2>\n<p><img loading=\"lazy\" decoding=\"async\" class=\"alignleft size-medium wp-image-319\" src=\"https:\/\/popplus.com.br\/festival2021\/wp-content\/uploads\/2021\/03\/Keit-Lima-240x300.png\" alt=\"\" width=\"240\" height=\"300\" srcset=\"https:\/\/popplus.com.br\/festival2021\/wp-content\/uploads\/2021\/03\/Keit-Lima-240x300.png 240w, https:\/\/popplus.com.br\/festival2021\/wp-content\/uploads\/2021\/03\/Keit-Lima-768x960.png 768w, https:\/\/popplus.com.br\/festival2021\/wp-content\/uploads\/2021\/03\/Keit-Lima.png 800w\" sizes=\"auto, (max-width: 240px) 100vw, 240px\" \/>Agente de transforma\u00e7\u00e3o social, Keit \u00e9 movida por conex\u00f5es com pessoas e tem no sangue a pol\u00edtica de quilombo onde ningu\u00e9m solta a m\u00e3o de ningu\u00e9m. No decorrer de sua juventude, foi a primeira mulher a residir e coordenar a escola de l\u00edderes da ONG Educafro &#8211; entidade sem fins<br \/>\nlucrativos que luta pela inclus\u00e3o de jovens negros e brancos de baixa renda no ensino superior.<br \/>\nFoi cofundadora do movimento Engaja Negritude &#8211; movimento que faz parte da ONG Educafro, que tinha por objetivo alinhar candidatas(os) negras(os) em uma pauta \u00fanica. Ativista da Educafro, Jur\u00eddico da ONG Casa 1 &#8211; Centro cultural e casa de amparo para jovens LGBT, Marcha das<br \/>\nMulheres Negras de S\u00e3o Paulo e Grupo Mulheres do Brasil.<br \/>\n<a href=\"https:\/\/www.instagram.com\/keit.lima\/\">https:\/\/www.instagram.com\/keit.lima\/<\/a><\/p>\n<h2><\/h2>\n<h2><\/h2>\n<h2><\/h2>\n<h2><img loading=\"lazy\" decoding=\"async\" class=\"alignleft size-medium wp-image-317\" src=\"https:\/\/popplus.com.br\/festival2021\/wp-content\/uploads\/2021\/03\/Vanesa-almeida-300x200.png\" alt=\"\" width=\"300\" height=\"200\" srcset=\"https:\/\/popplus.com.br\/festival2021\/wp-content\/uploads\/2021\/03\/Vanesa-almeida-300x200.png 300w, https:\/\/popplus.com.br\/festival2021\/wp-content\/uploads\/2021\/03\/Vanesa-almeida-768x513.png 768w, https:\/\/popplus.com.br\/festival2021\/wp-content\/uploads\/2021\/03\/Vanesa-almeida.png 800w\" sizes=\"auto, (max-width: 300px) 100vw, 300px\" \/>Vanessa Almeida<\/h2>\n<p>Vanessa Almeida, advogada trabalhista, mestranda em Direito Pol\u00edtico e Econ\u00f4mico da Universidade Presbiteriana Mackenzie e pesquisadora do Laborat\u00f3rio de Aprendizagem de M\u00e1quina em Finan\u00e7as e Organiza\u00e7\u00f5es da Universidade de Bras\u00edlia.<br \/>\n<a href=\"https:\/\/www.instagram.com\/heroinshesaid\/\">https:\/\/www.instagram.com\/heroinshesaid\/<\/a><\/p>\n<p>&nbsp;<\/p>\n","protected":false},"excerpt":{"rendered":"<p>Participantes: Rayane Souza; Keit Lima e Vanessa Almeida Media\u00e7\u00e3o: Jessica Balbino J\u00e9ssica Balbino \u00c9 jornalista e acredita que as narrativas podem transformar o mundo. Mestre em comunica\u00e7\u00e3o pela Unicamp, \u00e9 premiada pelo Estado de Minas Gerais com o projeto Margens e pelo Minc com o livro-reportagem &#8220;Hip-Hop &#8211; A Cultura Marginal&#8221;. Recebeu tamb\u00e9m, por dois [&hellip;]<\/p>\n","protected":false},"featured_media":311,"template":"","categories":[3],"class_list":["post-224","programacao","type-programacao","status-publish","has-post-thumbnail","hentry","category-debates"],"yoast_head":"<!-- This site is optimized with the Yoast SEO plugin v16.0.2 - https:\/\/yoast.com\/wordpress\/plugins\/seo\/ -->\n<link rel=\"canonical\" href=\"https:\/\/popplus.com.br\/festival2021\/programacao\/debate-direitos-da-pessoa-gorda\/\" \/>\n<meta property=\"og:locale\" content=\"pt_BR\" \/>\n<meta property=\"og:type\" content=\"article\" \/>\n<meta property=\"og:title\" content=\"Debate - Direitos da Pessoa Gorda - Festival PopPlus Em Casa 2021\" \/>\n<meta property=\"og:description\" content=\"Participantes: Rayane Souza; Keit Lima e Vanessa Almeida Media\u00e7\u00e3o: Jessica Balbino J\u00e9ssica Balbino \u00c9 jornalista e acredita que as narrativas podem transformar o mundo. Mestre em comunica\u00e7\u00e3o pela Unicamp, \u00e9 premiada pelo Estado de Minas Gerais com o projeto Margens e pelo Minc com o livro-reportagem &#8220;Hip-Hop &#8211; A Cultura Marginal&#8221;. Recebeu tamb\u00e9m, por dois [&hellip;]\" \/>\n<meta property=\"og:url\" content=\"https:\/\/popplus.com.br\/festival2021\/programacao\/debate-direitos-da-pessoa-gorda\/\" \/>\n<meta property=\"og:site_name\" content=\"Festival PopPlus Em Casa 2021\" \/>\n<meta property=\"article:modified_time\" content=\"2021-04-05T00:30:38+00:00\" \/>\n<meta property=\"og:image\" content=\"https:\/\/popplus.com.br\/festival2021\/wp-content\/uploads\/2021\/03\/POP_FES_carrossel-debate-01.jpg\" \/>\n\t<meta property=\"og:image:width\" content=\"1080\" \/>\n\t<meta property=\"og:image:height\" content=\"1080\" \/>\n<meta name=\"twitter:card\" content=\"summary_large_image\" \/>\n<meta name=\"twitter:label1\" content=\"Est. tempo de leitura\">\n\t<meta name=\"twitter:data1\" content=\"2 minutos\">\n<script type=\"application\/ld+json\" class=\"yoast-schema-graph\">{\"@context\":\"https:\/\/schema.org\",\"@graph\":[{\"@type\":\"WebSite\",\"@id\":\"https:\/\/popplus.com.br\/festival2021\/#website\",\"url\":\"https:\/\/popplus.com.br\/festival2021\/\",\"name\":\"Festival PopPlus Em Casa 2021\",\"description\":\"\",\"potentialAction\":[{\"@type\":\"SearchAction\",\"target\":\"https:\/\/popplus.com.br\/festival2021\/?s={search_term_string}\",\"query-input\":\"required name=search_term_string\"}],\"inLanguage\":\"pt-BR\"},{\"@type\":\"ImageObject\",\"@id\":\"https:\/\/popplus.com.br\/festival2021\/programacao\/debate-direitos-da-pessoa-gorda\/#primaryimage\",\"inLanguage\":\"pt-BR\",\"url\":\"https:\/\/popplus.com.br\/festival2021\/wp-content\/uploads\/2021\/03\/POP_FES_carrossel-debate-01.jpg\",\"width\":1080,\"height\":1080},{\"@type\":\"WebPage\",\"@id\":\"https:\/\/popplus.com.br\/festival2021\/programacao\/debate-direitos-da-pessoa-gorda\/#webpage\",\"url\":\"https:\/\/popplus.com.br\/festival2021\/programacao\/debate-direitos-da-pessoa-gorda\/\",\"name\":\"Debate - Direitos da Pessoa Gorda - Festival PopPlus Em Casa 2021\",\"isPartOf\":{\"@id\":\"https:\/\/popplus.com.br\/festival2021\/#website\"},\"primaryImageOfPage\":{\"@id\":\"https:\/\/popplus.com.br\/festival2021\/programacao\/debate-direitos-da-pessoa-gorda\/#primaryimage\"},\"datePublished\":\"2021-03-29T22:17:00+00:00\",\"dateModified\":\"2021-04-05T00:30:38+00:00\",\"breadcrumb\":{\"@id\":\"https:\/\/popplus.com.br\/festival2021\/programacao\/debate-direitos-da-pessoa-gorda\/#breadcrumb\"},\"inLanguage\":\"pt-BR\",\"potentialAction\":[{\"@type\":\"ReadAction\",\"target\":[\"https:\/\/popplus.com.br\/festival2021\/programacao\/debate-direitos-da-pessoa-gorda\/\"]}]},{\"@type\":\"BreadcrumbList\",\"@id\":\"https:\/\/popplus.com.br\/festival2021\/programacao\/debate-direitos-da-pessoa-gorda\/#breadcrumb\",\"itemListElement\":[{\"@type\":\"ListItem\",\"position\":1,\"item\":{\"@type\":\"WebPage\",\"@id\":\"https:\/\/popplus.com.br\/festival2021\/\",\"url\":\"https:\/\/popplus.com.br\/festival2021\/\",\"name\":\"In\\u00edcio\"}},{\"@type\":\"ListItem\",\"position\":2,\"item\":{\"@type\":\"WebPage\",\"@id\":\"https:\/\/popplus.com.br\/festival2021\/programacao\/debate-direitos-da-pessoa-gorda\/\",\"url\":\"https:\/\/popplus.com.br\/festival2021\/programacao\/debate-direitos-da-pessoa-gorda\/\",\"name\":\"Debate &#8211; Direitos da Pessoa Gorda\"}}]}]}<\/script>\n<!-- \/ Yoast SEO plugin. -->","_links":{"self":[{"href":"https:\/\/popplus.com.br\/festival2021\/wp-json\/wp\/v2\/programacao\/224","targetHints":{"allow":["GET"]}}],"collection":[{"href":"https:\/\/popplus.com.br\/festival2021\/wp-json\/wp\/v2\/programacao"}],"about":[{"href":"https:\/\/popplus.com.br\/festival2021\/wp-json\/wp\/v2\/types\/programacao"}],"wp:featuredmedia":[{"embeddable":true,"href":"https:\/\/popplus.com.br\/festival2021\/wp-json\/wp\/v2\/media\/311"}],"wp:attachment":[{"href":"https:\/\/popplus.com.br\/festival2021\/wp-json\/wp\/v2\/media?parent=224"}],"wp:term":[{"taxonomy":"category","embeddable":true,"href":"https:\/\/popplus.com.br\/festival2021\/wp-json\/wp\/v2\/categories?post=224"}],"curies":[{"name":"wp","href":"https:\/\/api.w.org\/{rel}","templated":true}]}}