{"id":223,"date":"2021-03-29T19:16:20","date_gmt":"2021-03-29T22:16:20","guid":{"rendered":"https:\/\/popplus.com.br\/festival2021\/?post_type=programacao&#038;p=223"},"modified":"2021-04-04T21:09:45","modified_gmt":"2021-04-05T00:09:45","slug":"waacking-aiza","status":"publish","type":"programacao","link":"https:\/\/popplus.com.br\/festival2021\/programacao\/waacking-aiza\/","title":{"rendered":"WAACKING &#8211; Aiza"},"content":{"rendered":"<p>Anteriormente conhecida como Ju Waacking, artista independente, performer, core\u00f3grafa, produtora e empreendedora. Atualmente no pen\u00faltimo ano do curso superior t\u00e9cnico em Produ\u00e7\u00e3o Cultural. Tem 28 anos de idade, 15 anos de carreira na arte entre estudos e dissemina\u00e7\u00e3o de dan\u00e7as &#8220;queer&#8221; como whacking, voguing, chair dance, heels dance, dan\u00e7as urbanas, social dances e dan\u00e7as de sal\u00e3o entre outras manifesta\u00e7\u00f5es culturais. Desenvolve trabalhos com teatro, canto, m\u00fasica e produ\u00e7\u00f5es diversas. Atua no WM Crew SP e no coletivo Waacking Time. Promove a\u00e7\u00f5es de fomento \u00e0 arte e cultura. Presta acompanhamento e mentoria art\u00edstica.<\/p>\n","protected":false},"excerpt":{"rendered":"<p>Anteriormente conhecida como Ju Waacking, artista independente, performer, core\u00f3grafa, produtora e empreendedora. Atualmente no pen\u00faltimo ano do curso superior t\u00e9cnico em Produ\u00e7\u00e3o Cultural. Tem 28 anos de idade, 15 anos de carreira na arte entre estudos e dissemina\u00e7\u00e3o de dan\u00e7as &#8220;queer&#8221; como whacking, voguing, chair dance, heels dance, dan\u00e7as urbanas, social dances e dan\u00e7as de [&hellip;]<\/p>\n","protected":false},"featured_media":307,"template":"","categories":[6],"class_list":["post-223","programacao","type-programacao","status-publish","has-post-thumbnail","hentry","category-danca"],"yoast_head":"<!-- This site is optimized with the Yoast SEO plugin v16.0.2 - https:\/\/yoast.com\/wordpress\/plugins\/seo\/ -->\n<link rel=\"canonical\" href=\"https:\/\/popplus.com.br\/festival2021\/programacao\/waacking-aiza\/\" \/>\n<meta property=\"og:locale\" content=\"pt_BR\" \/>\n<meta property=\"og:type\" content=\"article\" \/>\n<meta property=\"og:title\" content=\"WAACKING - Aiza - Festival PopPlus Em Casa 2021\" \/>\n<meta property=\"og:description\" content=\"Anteriormente conhecida como Ju Waacking, artista independente, performer, core\u00f3grafa, produtora e empreendedora. Atualmente no pen\u00faltimo ano do curso superior t\u00e9cnico em Produ\u00e7\u00e3o Cultural. Tem 28 anos de idade, 15 anos de carreira na arte entre estudos e dissemina\u00e7\u00e3o de dan\u00e7as &#8220;queer&#8221; como whacking, voguing, chair dance, heels dance, dan\u00e7as urbanas, social dances e dan\u00e7as de [&hellip;]\" \/>\n<meta property=\"og:url\" content=\"https:\/\/popplus.com.br\/festival2021\/programacao\/waacking-aiza\/\" \/>\n<meta property=\"og:site_name\" content=\"Festival PopPlus Em Casa 2021\" \/>\n<meta property=\"article:modified_time\" content=\"2021-04-05T00:09:45+00:00\" \/>\n<meta property=\"og:image\" content=\"https:\/\/popplus.com.br\/festival2021\/wp-content\/uploads\/2021\/03\/aizarte.png\" \/>\n\t<meta property=\"og:image:width\" content=\"800\" \/>\n\t<meta property=\"og:image:height\" content=\"533\" \/>\n<meta name=\"twitter:card\" content=\"summary_large_image\" \/>\n<meta name=\"twitter:label1\" content=\"Est. tempo de leitura\">\n\t<meta name=\"twitter:data1\" content=\"1 minuto\">\n<script type=\"application\/ld+json\" class=\"yoast-schema-graph\">{\"@context\":\"https:\/\/schema.org\",\"@graph\":[{\"@type\":\"WebSite\",\"@id\":\"https:\/\/popplus.com.br\/festival2021\/#website\",\"url\":\"https:\/\/popplus.com.br\/festival2021\/\",\"name\":\"Festival PopPlus Em Casa 2021\",\"description\":\"\",\"potentialAction\":[{\"@type\":\"SearchAction\",\"target\":\"https:\/\/popplus.com.br\/festival2021\/?s={search_term_string}\",\"query-input\":\"required name=search_term_string\"}],\"inLanguage\":\"pt-BR\"},{\"@type\":\"ImageObject\",\"@id\":\"https:\/\/popplus.com.br\/festival2021\/programacao\/waacking-aiza\/#primaryimage\",\"inLanguage\":\"pt-BR\",\"url\":\"https:\/\/popplus.com.br\/festival2021\/wp-content\/uploads\/2021\/03\/aizarte.png\",\"width\":800,\"height\":533},{\"@type\":\"WebPage\",\"@id\":\"https:\/\/popplus.com.br\/festival2021\/programacao\/waacking-aiza\/#webpage\",\"url\":\"https:\/\/popplus.com.br\/festival2021\/programacao\/waacking-aiza\/\",\"name\":\"WAACKING - Aiza - Festival PopPlus Em Casa 2021\",\"isPartOf\":{\"@id\":\"https:\/\/popplus.com.br\/festival2021\/#website\"},\"primaryImageOfPage\":{\"@id\":\"https:\/\/popplus.com.br\/festival2021\/programacao\/waacking-aiza\/#primaryimage\"},\"datePublished\":\"2021-03-29T22:16:20+00:00\",\"dateModified\":\"2021-04-05T00:09:45+00:00\",\"breadcrumb\":{\"@id\":\"https:\/\/popplus.com.br\/festival2021\/programacao\/waacking-aiza\/#breadcrumb\"},\"inLanguage\":\"pt-BR\",\"potentialAction\":[{\"@type\":\"ReadAction\",\"target\":[\"https:\/\/popplus.com.br\/festival2021\/programacao\/waacking-aiza\/\"]}]},{\"@type\":\"BreadcrumbList\",\"@id\":\"https:\/\/popplus.com.br\/festival2021\/programacao\/waacking-aiza\/#breadcrumb\",\"itemListElement\":[{\"@type\":\"ListItem\",\"position\":1,\"item\":{\"@type\":\"WebPage\",\"@id\":\"https:\/\/popplus.com.br\/festival2021\/\",\"url\":\"https:\/\/popplus.com.br\/festival2021\/\",\"name\":\"In\\u00edcio\"}},{\"@type\":\"ListItem\",\"position\":2,\"item\":{\"@type\":\"WebPage\",\"@id\":\"https:\/\/popplus.com.br\/festival2021\/programacao\/waacking-aiza\/\",\"url\":\"https:\/\/popplus.com.br\/festival2021\/programacao\/waacking-aiza\/\",\"name\":\"WAACKING &#8211; Aiza\"}}]}]}<\/script>\n<!-- \/ Yoast SEO plugin. -->","_links":{"self":[{"href":"https:\/\/popplus.com.br\/festival2021\/wp-json\/wp\/v2\/programacao\/223","targetHints":{"allow":["GET"]}}],"collection":[{"href":"https:\/\/popplus.com.br\/festival2021\/wp-json\/wp\/v2\/programacao"}],"about":[{"href":"https:\/\/popplus.com.br\/festival2021\/wp-json\/wp\/v2\/types\/programacao"}],"wp:featuredmedia":[{"embeddable":true,"href":"https:\/\/popplus.com.br\/festival2021\/wp-json\/wp\/v2\/media\/307"}],"wp:attachment":[{"href":"https:\/\/popplus.com.br\/festival2021\/wp-json\/wp\/v2\/media?parent=223"}],"wp:term":[{"taxonomy":"category","embeddable":true,"href":"https:\/\/popplus.com.br\/festival2021\/wp-json\/wp\/v2\/categories?post=223"}],"curies":[{"name":"wp","href":"https:\/\/api.w.org\/{rel}","templated":true}]}}