{"id":31,"date":"2021-02-19T16:55:24","date_gmt":"2021-02-19T19:55:24","guid":{"rendered":"https:\/\/popplus.com.br\/festival2021\/?page_id=31"},"modified":"2021-04-07T01:25:49","modified_gmt":"2021-04-07T04:25:49","slug":"sobre-o-festival","status":"publish","type":"page","link":"https:\/\/popplus.com.br\/festival2021\/sobre-o-festival\/","title":{"rendered":"Sobre o Festival"},"content":{"rendered":"<p>O Pop Plus \u00e9 uma feira de moda e cultura plus size que acontece quatro vezes por ano em S\u00e3o Paulo.\u00a0 Na ess\u00eancia do Pop Plus est\u00e3o a moda como identidade e dignidade por meio de discuss\u00f5es e luta por mais direitos, diversidade, representatividade, fomento ao empreendedorismo feminino e familiar, fortalecimento da autoestima e o respeito ao pr\u00f3ximo.<\/p>\n<p>Entre dezembro de 2012 e fevereiro de 2020 foram produzidas 27 edi\u00e7\u00f5es completas, al\u00e9m das mini edi\u00e7\u00f5es tem\u00e1ticas de Moda Praia, Brech\u00f3s, Ponta de Estoque (em regi\u00f5es perif\u00e9ricas como Campo Limpo e Guaianases, com pe\u00e7as no valor m\u00e1ximo de 30 Reais). Somente em 2019 o Pop Plus levou cerca de 80 mil pessoas aos seus eventos.<\/p>\n<p>Al\u00e9m da gera\u00e7\u00e3o de renda para os expositores, o Pop Plus \u00e9 tamb\u00e9m um espa\u00e7o de gera\u00e7\u00e3o de emprego: em m\u00e9dia cada edi\u00e7\u00e3o contrata 30 profissionais entre produtores, t\u00e9cnicos, pessoal de limpeza, seguran\u00e7as. Al\u00e9m de montadores e vendedores que s\u00e3o contratados pelos lojistas expositores.<\/p>\n<p>Com o crescimento da feira, ela come\u00e7ou a realizar debates, apresenta\u00e7\u00f5es de dan\u00e7a, DJs, drag queens, performances e shows musicais, sempre com artistas gordos que muitas vezes s\u00e3o exclu\u00eddos do meio art\u00edstico tamb\u00e9m.<\/p>\n<p>A feira impacta n\u00e3o somente o p\u00fablico, que se viu por d\u00e9cadas exclu\u00eddo do mundo da moda, como tamb\u00e9m os empreendedores que apostaram no potencial desse mercado.<\/p>\n<p>A maioria absoluta das marcas participantes foi criada por mulheres e s\u00e3o administradas pelas pr\u00f3prias, geralmente com apoio presencial de suas fam\u00edlias em v\u00e1rias fun\u00e7\u00f5es, que encontraram no evento uma forma de complemento de renda ou sustento.<\/p>\n<p>Em 2020 foi realizado um evento de Ver\u00e3o no pr\u00e9-Carnaval, que contou com a presen\u00e7a de cerca de 2 mil pessoas. As demais edi\u00e7\u00f5es de 2020 n\u00e3o aconteceram por conta da pandemia de Covid-19.<\/p>\n<p>O Festival Pop Plus 2021 ter\u00e1 3 dias de dura\u00e7\u00e3o e uma programa\u00e7\u00e3o diversa com expositores de Moda, rodas de conversa de Economia Criativa e inclus\u00e3o, apresenta\u00e7\u00f5es musicais, performances de Dan\u00e7a, e DJs.<\/p>\n<p>Desta forma, com o evento online, esperamos compensar parcialmente a falta dos eventos presenciais \u2013 prestigiando pequenas marcas, pessoas artistas, debatedoras e divulgadoras de conhecimento; para manter viva a chama da inclus\u00e3o da pessoa gorda na moda, na arte, na cultura, nas demandas da nossa sociedade como um todo.<\/p>\n","protected":false},"excerpt":{"rendered":"<p>O Pop Plus \u00e9 uma feira de moda e cultura plus size que acontece quatro vezes por ano em S\u00e3o Paulo.\u00a0 Na ess\u00eancia do Pop Plus est\u00e3o a moda como identidade e dignidade por meio de discuss\u00f5es e luta por mais direitos, diversidade, representatividade, fomento ao empreendedorismo feminino e familiar, fortalecimento da autoestima e o [&hellip;]<\/p>\n","protected":false},"author":1,"featured_media":62,"parent":0,"menu_order":0,"comment_status":"closed","ping_status":"closed","template":"templates\/page-sobre.php","meta":{"footnotes":""},"class_list":["post-31","page","type-page","status-publish","has-post-thumbnail","hentry"],"yoast_head":"<!-- This site is optimized with the Yoast SEO plugin v16.0.2 - https:\/\/yoast.com\/wordpress\/plugins\/seo\/ -->\n<link rel=\"canonical\" href=\"https:\/\/popplus.com.br\/festival2021\/sobre-o-festival\/\" \/>\n<meta property=\"og:locale\" content=\"pt_BR\" \/>\n<meta property=\"og:type\" content=\"article\" \/>\n<meta property=\"og:title\" content=\"Sobre o Festival - Festival PopPlus Em Casa 2021\" \/>\n<meta property=\"og:description\" content=\"O Pop Plus \u00e9 uma feira de moda e cultura plus size que acontece quatro vezes por ano em S\u00e3o Paulo.\u00a0 Na ess\u00eancia do Pop Plus est\u00e3o a moda como identidade e dignidade por meio de discuss\u00f5es e luta por mais direitos, diversidade, representatividade, fomento ao empreendedorismo feminino e familiar, fortalecimento da autoestima e o [&hellip;]\" \/>\n<meta property=\"og:url\" content=\"https:\/\/popplus.com.br\/festival2021\/sobre-o-festival\/\" \/>\n<meta property=\"og:site_name\" content=\"Festival PopPlus Em Casa 2021\" \/>\n<meta property=\"article:modified_time\" content=\"2021-04-07T04:25:49+00:00\" \/>\n<meta property=\"og:image\" content=\"https:\/\/popplus.com.br\/festival2021\/wp-content\/uploads\/2021\/02\/bethdittoimalivea018.jpg\" \/>\n\t<meta property=\"og:image:width\" content=\"750\" \/>\n\t<meta property=\"og:image:height\" content=\"600\" \/>\n<meta name=\"twitter:card\" content=\"summary_large_image\" \/>\n<meta name=\"twitter:label1\" content=\"Est. tempo de leitura\">\n\t<meta name=\"twitter:data1\" content=\"2 minutos\">\n<script type=\"application\/ld+json\" class=\"yoast-schema-graph\">{\"@context\":\"https:\/\/schema.org\",\"@graph\":[{\"@type\":\"WebSite\",\"@id\":\"https:\/\/popplus.com.br\/festival2021\/#website\",\"url\":\"https:\/\/popplus.com.br\/festival2021\/\",\"name\":\"Festival PopPlus Em Casa 2021\",\"description\":\"\",\"potentialAction\":[{\"@type\":\"SearchAction\",\"target\":\"https:\/\/popplus.com.br\/festival2021\/?s={search_term_string}\",\"query-input\":\"required name=search_term_string\"}],\"inLanguage\":\"pt-BR\"},{\"@type\":\"ImageObject\",\"@id\":\"https:\/\/popplus.com.br\/festival2021\/sobre-o-festival\/#primaryimage\",\"inLanguage\":\"pt-BR\",\"url\":\"https:\/\/popplus.com.br\/festival2021\/wp-content\/uploads\/2021\/02\/bethdittoimalivea018.jpg\",\"width\":750,\"height\":600,\"caption\":\"Legenda\"},{\"@type\":\"WebPage\",\"@id\":\"https:\/\/popplus.com.br\/festival2021\/sobre-o-festival\/#webpage\",\"url\":\"https:\/\/popplus.com.br\/festival2021\/sobre-o-festival\/\",\"name\":\"Sobre o Festival - Festival PopPlus Em Casa 2021\",\"isPartOf\":{\"@id\":\"https:\/\/popplus.com.br\/festival2021\/#website\"},\"primaryImageOfPage\":{\"@id\":\"https:\/\/popplus.com.br\/festival2021\/sobre-o-festival\/#primaryimage\"},\"datePublished\":\"2021-02-19T19:55:24+00:00\",\"dateModified\":\"2021-04-07T04:25:49+00:00\",\"breadcrumb\":{\"@id\":\"https:\/\/popplus.com.br\/festival2021\/sobre-o-festival\/#breadcrumb\"},\"inLanguage\":\"pt-BR\",\"potentialAction\":[{\"@type\":\"ReadAction\",\"target\":[\"https:\/\/popplus.com.br\/festival2021\/sobre-o-festival\/\"]}]},{\"@type\":\"BreadcrumbList\",\"@id\":\"https:\/\/popplus.com.br\/festival2021\/sobre-o-festival\/#breadcrumb\",\"itemListElement\":[{\"@type\":\"ListItem\",\"position\":1,\"item\":{\"@type\":\"WebPage\",\"@id\":\"https:\/\/popplus.com.br\/festival2021\/\",\"url\":\"https:\/\/popplus.com.br\/festival2021\/\",\"name\":\"In\\u00edcio\"}},{\"@type\":\"ListItem\",\"position\":2,\"item\":{\"@type\":\"WebPage\",\"@id\":\"https:\/\/popplus.com.br\/festival2021\/sobre-o-festival\/\",\"url\":\"https:\/\/popplus.com.br\/festival2021\/sobre-o-festival\/\",\"name\":\"Sobre o Festival\"}}]}]}<\/script>\n<!-- \/ Yoast SEO plugin. -->","_links":{"self":[{"href":"https:\/\/popplus.com.br\/festival2021\/wp-json\/wp\/v2\/pages\/31","targetHints":{"allow":["GET"]}}],"collection":[{"href":"https:\/\/popplus.com.br\/festival2021\/wp-json\/wp\/v2\/pages"}],"about":[{"href":"https:\/\/popplus.com.br\/festival2021\/wp-json\/wp\/v2\/types\/page"}],"author":[{"embeddable":true,"href":"https:\/\/popplus.com.br\/festival2021\/wp-json\/wp\/v2\/users\/1"}],"replies":[{"embeddable":true,"href":"https:\/\/popplus.com.br\/festival2021\/wp-json\/wp\/v2\/comments?post=31"}],"version-history":[{"count":15,"href":"https:\/\/popplus.com.br\/festival2021\/wp-json\/wp\/v2\/pages\/31\/revisions"}],"predecessor-version":[{"id":359,"href":"https:\/\/popplus.com.br\/festival2021\/wp-json\/wp\/v2\/pages\/31\/revisions\/359"}],"wp:featuredmedia":[{"embeddable":true,"href":"https:\/\/popplus.com.br\/festival2021\/wp-json\/wp\/v2\/media\/62"}],"wp:attachment":[{"href":"https:\/\/popplus.com.br\/festival2021\/wp-json\/wp\/v2\/media?parent=31"}],"curies":[{"name":"wp","href":"https:\/\/api.w.org\/{rel}","templated":true}]}}